{"id":12325,"date":"2018-06-29T13:00:00","date_gmt":"2018-06-29T11:00:00","guid":{"rendered":"https:\/\/www.suncamp.nl\/blog\/?post_type=listing&#038;p=12325"},"modified":"2021-07-03T23:27:17","modified_gmt":"2021-07-03T21:27:17","slug":"dans-les-roues-du-tour-de-france-1","status":"publish","type":"listing","link":"https:\/\/www.suncamp.fr\/blog\/listing\/dans-les-roues-du-tour-de-france-1\/","title":{"rendered":"Dans les roues du Tour de France (1)"},"content":{"rendered":"<p><strong>Vous souhaitez profiter de vos vacances en camping pour assister au plus grand \u00e9v\u00e9nement cycliste au monde ? Les coureurs du Tour de France traverseront la France du 7 au 29 juillet, l\u2019occasion id\u00e9ale de les voir en vrai. Pour trouver les meilleurs endroits o\u00f9 garer votre camping-car ou monter votre tente, lisez mes cinq astuces de camping pour profiter des paysages fran\u00e7ais mais aussi du Tour de France ! Voici aujourd\u2019hui la partie 1 avec mes deux premi\u00e8res astuces.<\/strong><\/p>\n<p>La 105e \u00e9dition de <i>La Grande Boucle<\/i> se d\u00e9roulera en grande partie sur le sol fran\u00e7ais. En effet, sur les 3 351 km que compte l\u2019\u00e9preuve, seulement seize ne sont pas dans l\u2019Hexagone. S\u2019il est souvent arriv\u00e9 que le point de d\u00e9part se trouve ailleurs en Europe (par exemple l\u2019ann\u00e9e derni\u00e8re, les coureurs sont partis de D\u00fcsseldorf), cette ann\u00e9e, le Tour va donc principalement rester en France. Bonne nouvelle pour les campeurs qui souhaitent profiter de leur s\u00e9jour en France pour assister au Tour.<\/p>\n<p><img loading=\"lazy\" decoding=\"async\" class=\"alignnone wp-image-12285 size-full\" title=\"Camper pr\u00e8s du Tour de France\" src=\"https:\/\/www.suncamp.nl\/blog\/wp-content\/uploads\/2018\/06\/SC_inzet-1_600x263.jpg\" alt=\"Camper pr\u00e8s du Tour de France\" width=\"600\" height=\"263\" srcset=\"https:\/\/www.suncamp.fr\/blog\/wp-content\/uploads\/2018\/06\/SC_inzet-1_600x263.jpg 600w, https:\/\/www.suncamp.fr\/blog\/wp-content\/uploads\/2018\/06\/SC_inzet-1_600x263-300x132.jpg 300w\" sizes=\"auto, (max-width: 600px) 100vw, 600px\" \/><\/p>\n<p>Dans la Partie 1, je vous donne deux astuces pour le d\u00e9but du <a href=\"https:\/\/www.letour.fr\/en\/\" target=\"_blank\" rel=\"noopener noreferrer\">Tour de France<\/a>. Il est divis\u00e9 en neuf \u00e9tapes, au d\u00e9part de la c\u00f4te atlantique en Vend\u00e9e pour finalement rejoindre Roubaix, ville du cyclisme par excellence.<\/p>\n<h2>Astuce 1 : Le Grand D\u00e9part dans les Pays de la Loire<\/h2>\n<p><i>Samedi 7 juillet, dimanche 8 juillet et lundi 9 juillet<\/i><\/p>\n<p>Le d\u00e9part du Tour de France sera donn\u00e9 dans les <a href=\"https:\/\/www.suncamp.nl\/campsite\/search\/q\/region-geographical:131\/#rows=6\" target=\"_blank\" rel=\"noopener noreferrer\">Pays de la Loire<\/a>, et plus exactement sur l\u2019\u00cele de Noirmoutier. Cette \u00eele tr\u00e8s particuli\u00e8re est accessible par une \u00ab simple \u00bb route, il n\u2019y a donc pas de pont ou de bac pour rejoindre le continent. Il faudra \u00eatre bien organis\u00e9 : le Passage du Gois est praticable uniquement \u00e0 mar\u00e9e basse car il se retrouve totalement immerg\u00e9 \u00e0 mar\u00e9e haute. D\u00e9j\u00e0 en 1999 et en 2011, cette route glissante faisait partie du Tour de France. D\u2019ailleurs, sa travers\u00e9e en 1999 est rest\u00e9e dans les m\u00e9moires. Cette ann\u00e9e-l\u00e0, Michael Boogerd a d\u00fb abandonner la course apr\u00e8s une \u00e9norme s\u00e9rie de chutes et le suisse Alex Z\u00fclle y a perdu environ 6 minutes au profit du gagnant, Lance Armstrong.<\/p>\n<p><img loading=\"lazy\" decoding=\"async\" class=\"alignnone wp-image-12287 size-full\" title=\"Le Passage du Gois relie l\u2019\u00cele de Noirmoutier et le continent\" src=\"https:\/\/www.suncamp.nl\/blog\/wp-content\/uploads\/2018\/06\/SC_inzet-2_600x263.jpg\" alt=\"Le Passage du Gois relie l\u2019\u00cele de Noirmoutier et le continent\" width=\"600\" height=\"263\" srcset=\"https:\/\/www.suncamp.fr\/blog\/wp-content\/uploads\/2018\/06\/SC_inzet-2_600x263.jpg 600w, https:\/\/www.suncamp.fr\/blog\/wp-content\/uploads\/2018\/06\/SC_inzet-2_600x263-300x132.jpg 300w\" sizes=\"auto, (max-width: 600px) 100vw, 600px\" \/><\/p>\n<p>Les cyclistes du Tour sont donc pr\u00e9venus, ils devront une nouvelle fois affronter ce passage pour quitter l\u2019\u00eele. Une fois arriv\u00e9s \u00e0 Fontenay-le-Comte, 201 km plus loin, l\u2019identit\u00e9 du premier maillot jaune sera r\u00e9v\u00e9l\u00e9e. Si vous \u00eates dans la r\u00e9gion entre le 7 et le 10 juillet, vous ne pourrez pas manquer le Tour, parce que les coureurs restent dans les Pays de la Loire le dimanche 8 juillet (\u00e9tape de plaine de Mouilleron-Saint-Germain \u00e0 La-Roche-sur-Yon) et le lundi 9 juillet (contre-la-montre par \u00e9quipe \u00e0 Cholet).<\/p>\n<p>Vous ne manquerez pas d\u2019occasions pour apercevoir les h\u00e9ros du Tour en action, et vous ne vous lasserez pas de sit\u00f4t de cette r\u00e9gion. Profitez-en pour vous aussi prendre votre v\u00e9lo ou mettre vos chaussures de marche. Vous comprendrez bien vite pourquoi cette r\u00e9gion aux magnifiques bois, collines et ch\u00e2teaux, est souvent surnomm\u00e9e le <i>jardin de la France<\/i>. Les bords de Loire offrent de fabuleux paysages, mais aussi la ville de Nantes, capitale r\u00e9gionale anim\u00e9e, ainsi que de nombreuses autres petites villes et villages typiques.<\/p>\n<p>Les incontournables : les plages et stations baln\u00e9aires de la c\u00f4te atlantique. \u00c0 La Baule (d\u00e9part de l\u2019\u00e9tape quatre du mardi 10 juillet) et aux Sables-d\u2019Olonne, vous pourrez non seulement passer un agr\u00e9able moment sur la plage mais aussi prendre un petit casse-cro\u00fbte ou un petit verre sur l\u2019une des terrasses longeant la c\u00f4te. La Loire est aussi r\u00e9put\u00e9e pour sa cuisine, et notamment ses fruits et l\u00e9gumes frais, ses vins locaux et ses rillauds d\u2019Anjou (viande porc mijot\u00e9e). Les amateurs de poisson y trouveront \u00e9galement leur bonheur, les hu\u00eetres locales sont, para\u00eet-il, parmi les meilleures au monde !<\/p>\n\n<h2>Astuce 2 : Le charme de la Bretagne<\/h2>\n<p><i>Mercredi 11 juillet et jeudi 12 juillet<\/i><\/p>\n<p>Apr\u00e8s avoir quitt\u00e9 les Pays de la Loire, les coureurs se dirigeront vers la <a href=\"https:\/\/www.suncamp.nl\/campsite\/search\/q\/region-geographical:196\/#rows=6\" target=\"_blank\" rel=\"noopener noreferrer\">Bretagne<\/a>. La cinqui\u00e8me \u00e9tape commence \u00e0 Lorient et se termine \u00e0 Quimper. Le lendemain, le peloton partira de Brest pour rejoindre M\u00fbr-de-Bretagne. L\u00e0, la mont\u00e9e du m\u00eame nom les attend, pour une arriv\u00e9e \u00e9prouvante et spectaculaire, apr\u00e8s une ascension d\u2019une moyenne de 6,9 % sur deux kilom\u00e8tres. Les favoris pourront sans doute faire leurs premiers pas vers la victoire finale et qui sait, peut-\u00eatre le maillot jaune passera-t-il \u00e0 un autre coureur ?<\/p>\n<p>Si vous passez vos vacances sur la presqu\u2019\u00eele fran\u00e7aise, vous aurez donc deux possibilit\u00e9s de croiser la caravane du Tour et d\u2019encourager vos coureurs pr\u00e9f\u00e9r\u00e9s. Au programme des autres jours, laissez-vous surprendre par les paysages vari\u00e9s de cette r\u00e9gion c\u00f4ti\u00e8re rocheuse, ses vastes plages et ses \u00eeles magnifiques.<\/p>\n<p><img loading=\"lazy\" decoding=\"async\" class=\"alignnone wp-image-12289 size-full\" title=\"Le charme de la Bretagne\" src=\"https:\/\/www.suncamp.nl\/blog\/wp-content\/uploads\/2018\/06\/SC_inzet-3_600x263.jpg\" alt=\"Le charme de la Bretagne\" width=\"600\" height=\"263\" srcset=\"https:\/\/www.suncamp.fr\/blog\/wp-content\/uploads\/2018\/06\/SC_inzet-3_600x263.jpg 600w, https:\/\/www.suncamp.fr\/blog\/wp-content\/uploads\/2018\/06\/SC_inzet-3_600x263-300x132.jpg 300w\" sizes=\"auto, (max-width: 600px) 100vw, 600px\" \/><\/p>\n<p>Le sud de la Bretagne offre de belles plages, qui plairont aussi bien aux amateurs de farniente qu\u2019aux amateurs de sports aquatiques. Si vous aimez le surf, ne manquez pas les environs de Quimper, et la baie de Concarneau. Au nord, la C\u00f4te de Granit Rose et ses \u00e9tonnantes formations rocheuses vous laisseront sans voix. La baie de Morlaix est un incontournable de la r\u00e9gion, avec Roscoff, ville portuaire typique, et la magnifique \u00cele de Batz.<\/p>\n<p>Il y a des si\u00e8cles de cela, le charme de la Bretagne avait d\u00e9j\u00e0 s\u00e9duit la noblesse fran\u00e7aise et cela se traduit aujourd\u2019hui par la pr\u00e9sence d\u2019imposants ch\u00e2teaux et villas. Ces constructions remontent pour la plupart au Moyen-\u00c2ge et \u00e0 la Renaissance, et c\u2019est aussi \u00e0 ce moment que la fameuse for\u00eat de Broc\u00e9liande a acquis sa r\u00e9putation. Cette for\u00eat, au c\u0153ur de la Bretagne, a vu na\u00eetre la l\u00e9gende du Roi Arthur. Encore aujourd\u2019hui, la for\u00eat d\u00e9gage une atmosph\u00e8re f\u00e9\u00e9rique et vous pourrez d\u00e9couvrir, au cours de votre balade, de nombreuses curiosit\u00e9s comme le Tombeau de Merlin (partie d\u2019un dolmen) et la Fontaine de Barenton, source l\u00e9gendaire au c\u0153ur des histoires de Merlin l\u2019enchanteur et du Roi Arthur.<\/p>\n<div class=\"jcarousel-wrapper\"><div class=\"jcarousel\"><ul class=\"camping-slider\"><li><figure class=\"slide-image\"><img loading=\"lazy\" decoding=\"async\" src=\"https:\/\/cdn.acsi.eu\/6\/8\/8\/8\/6888a76bbd609.jpg\" alt=\"Camping Sandaya Le Ranolien *****\" height=\"133\" width=\"198\"><div class=\"slide-overlay\"><a target=\"_blank\" href=\"https:\/\/www.suncamp.fr\/france\/bretagne\/cotes-d-armor\/perros-guirec\/camping-sandaya-le-ranolien-100252\/\">Infos & r\u00e9servations<\/a><\/div><\/figure><div class=\"slide-title\"><a target=\"_blank\" href=\"https:\/\/www.suncamp.fr\/france\/bretagne\/cotes-d-armor\/perros-guirec\/camping-sandaya-le-ranolien-100252\/\">Camping Sandaya Le Ranoli...<\/a><\/div><\/li><li><figure class=\"slide-image\"><img loading=\"lazy\" decoding=\"async\" src=\"https:\/\/cdn.acsi.eu\/6\/7\/f\/5\/67f52748d0cc7.jpg\" alt=\"Camping Sandaya L&#039;Escale Saint-Gilles *****\" height=\"133\" width=\"198\"><div class=\"slide-overlay\"><a target=\"_blank\" href=\"https:\/\/www.suncamp.fr\/france\/bretagne\/finistere\/benodet\/camping-sandaya-l-escale-saint-gilles-103219\/\">Infos & r\u00e9servations<\/a><\/div><\/figure><div class=\"slide-title\"><a target=\"_blank\" href=\"https:\/\/www.suncamp.fr\/france\/bretagne\/finistere\/benodet\/camping-sandaya-l-escale-saint-gilles-103219\/\">Camping Sandaya L&#039;Escale ...<\/a><\/div><\/li><li><figure class=\"slide-image\"><img loading=\"lazy\" decoding=\"async\" src=\"https:\/\/cdn.acsi.eu\/6\/9\/4\/1\/694171722bda9.jpg\" alt=\"Camping Domaine de L&#039;Orangerie de Lanniron *****\" height=\"133\" width=\"198\"><div class=\"slide-overlay\"><a target=\"_blank\" href=\"https:\/\/www.suncamp.fr\/france\/bretagne\/finistere\/quimper\/camping-domaine-de-l-orangerie-de-lanniron-103213\/\">Infos & r\u00e9servations<\/a><\/div><\/figure><div class=\"slide-title\"><a target=\"_blank\" href=\"https:\/\/www.suncamp.fr\/france\/bretagne\/finistere\/quimper\/camping-domaine-de-l-orangerie-de-lanniron-103213\/\">Camping Domaine de L&#039;Oran...<\/a><\/div><\/li><\/ul><\/div><\/div>\n<p><a href=\"https:\/\/www.suncamp.fr\/blog\/listing\/dans-les-roues-du-tour-de-france-2\/\">La partie 2<\/a> de ce blog sera publi\u00e9e la semaine prochaine. Je vous emm\u00e8nerai un peu plus loin dans <a href=\"https:\/\/www.letour.fr\/en\/overall-route\" target=\"_blank\" rel=\"noopener noreferrer\">les roues du Tour de France 2018<\/a> et je vous donnerai encore trois astuces pour profiter au maximum de votre s\u00e9jour en France et du Tour.<\/p>\n","protected":false},"excerpt":{"rendered":"<p>Vous souhaitez profiter de vos vacances en camping pour assister au plus grand \u00e9v\u00e9nement cycliste au monde ? Les coureurs du Tour de France traverseront la France du 7 au 29 juillet, l\u2019occasion id\u00e9ale de les voir en vrai. Pour trouver les meilleurs endroits o\u00f9 garer votre camping-car ou monter votre tente, lisez mes cinq astuces de camping pour profiter des paysages fran\u00e7ais mais aussi du Tour de France ! Voici aujourd\u2019hui la partie 1 avec mes deux premi\u00e8res astuces.<\/p>\n","protected":false},"author":35,"featured_media":12326,"comment_status":"open","ping_status":"closed","template":"","meta":{"_acf_changed":false,"footnotes":""},"class_list":["post-12325","listing","type-listing","status-publish","has-post-thumbnail","hentry","listing_type-idees-sejours","listing_location-france"],"acf":[],"_links":{"self":[{"href":"https:\/\/www.suncamp.fr\/blog\/wp-json\/wp\/v2\/listing\/12325","targetHints":{"allow":["GET"]}}],"collection":[{"href":"https:\/\/www.suncamp.fr\/blog\/wp-json\/wp\/v2\/listing"}],"about":[{"href":"https:\/\/www.suncamp.fr\/blog\/wp-json\/wp\/v2\/types\/listing"}],"author":[{"embeddable":true,"href":"https:\/\/www.suncamp.fr\/blog\/wp-json\/wp\/v2\/users\/35"}],"replies":[{"embeddable":true,"href":"https:\/\/www.suncamp.fr\/blog\/wp-json\/wp\/v2\/comments?post=12325"}],"version-history":[{"count":6,"href":"https:\/\/www.suncamp.fr\/blog\/wp-json\/wp\/v2\/listing\/12325\/revisions"}],"predecessor-version":[{"id":31181,"href":"https:\/\/www.suncamp.fr\/blog\/wp-json\/wp\/v2\/listing\/12325\/revisions\/31181"}],"wp:featuredmedia":[{"embeddable":true,"href":"https:\/\/www.suncamp.fr\/blog\/wp-json\/wp\/v2\/media\/12326"}],"wp:attachment":[{"href":"https:\/\/www.suncamp.fr\/blog\/wp-json\/wp\/v2\/media?parent=12325"}],"curies":[{"name":"wp","href":"https:\/\/api.w.org\/{rel}","templated":true}]}}