{"id":12413,"date":"2018-07-12T11:00:50","date_gmt":"2018-07-12T09:00:50","guid":{"rendered":"https:\/\/www.suncamp.nl\/blog\/?post_type=listing&#038;p=12413"},"modified":"2021-07-03T23:25:23","modified_gmt":"2021-07-03T21:25:23","slug":"dans-les-roues-du-tour-de-france-2","status":"publish","type":"listing","link":"https:\/\/www.suncamp.fr\/blog\/listing\/dans-les-roues-du-tour-de-france-2\/","title":{"rendered":"Dans les roues du Tour de France (2)"},"content":{"rendered":"<p><strong>La semaine derni\u00e8re, je vous ai donn\u00e9 deux astuces pour allier vos vacances en camping en France avec le Tour de France. Depuis, les coureurs sont d\u00e9j\u00e0 partis pour cette course de trois semaines et il est temps de vous donner mes trois derni\u00e8res astuces. Quel est l\u2019emplacement id\u00e9al pour votre camping-car ou pour mettre votre tente afin de suivre les semaines deux et trois du Tour ?<\/strong><\/p>\n<p>Dans <a href=\"https:\/\/www.suncamp.fr\/blog\/listing\/dans-les-roues-du-tour-de-france-1\/\">la partie 1<\/a>, je vous ai indiqu\u00e9 o\u00f9 vous placer pour suivre au mieux la premi\u00e8re partie du <a href=\"https:\/\/www.letour.fr\/fr\/\" target=\"_blank\" rel=\"noopener noreferrer\">Tour de France<\/a>. Les cyclistes se dirigent maintenant au nord de la c\u00f4te atlantique, vers la fronti\u00e8re belge. Apr\u00e8s neuf \u00e9tapes, ils prendront l\u2019avion pour Annecy, o\u00f9 ils auront un jour de repos. Et ils en auront bien besoin, puisque le lendemain, ils devront affronter plusieurs \u00e9tapes difficiles dans les Alpes. Ensuite, apr\u00e8s un nouveau jour de repos le lundi 23 juillet, ils affronteront les redoutables Pyr\u00e9n\u00e9es pour terminer sur un contre-la-montre individuel et le traditionnel sprint vers Paris.<\/p>\n<p><img loading=\"lazy\" decoding=\"async\" class=\"alignnone wp-image-12285 size-full\" title=\"Camper pr\u00e8s du Tour de France\" src=\"https:\/\/www.suncamp.nl\/blog\/wp-content\/uploads\/2018\/06\/SC_inzet-1_600x263.jpg\" alt=\"Camper pr\u00e8s du Tour de France\" width=\"600\" height=\"263\" srcset=\"https:\/\/www.suncamp.fr\/blog\/wp-content\/uploads\/2018\/06\/SC_inzet-1_600x263.jpg 600w, https:\/\/www.suncamp.fr\/blog\/wp-content\/uploads\/2018\/06\/SC_inzet-1_600x263-300x132.jpg 300w\" sizes=\"auto, (max-width: 600px) 100vw, 600px\" \/><\/p>\n<h2>Astuce 3 : Camper dans les mythiques cols des Alpes<\/h2>\n<p><i>Mardi 17 juillet, mercredi 18 juillet et jeudi 19 juillet<\/i><\/p>\n<p>Les vrais amateurs de cyclisme connaissent les noms des fameux cols des Alpes et, cette ann\u00e9e encore, l\u2019itin\u00e9raire des coureurs comprend quelques mont\u00e9es classiques du Tour. Ils devront, entre autres, gravir le Col de la Croix Fry, le Plateau de Gli\u00e8res, presque inhumain, le Col de la Colombi\u00e8re et le col de la Madeleine, ainsi que l\u2019Alpe d\u2019Huez. La trilogie des Alpes se joue d\u00e8s le mardi 17 juillet au d\u00e9part d\u2019Annecy vers Le Grand-Bornand. Le lendemain, la course se poursuit d\u2019Albertville \u00e0 La Rosi\u00e8re, haut lieu du ski, et se terminera le jeudi 19 juillet au sommet du mythique Alpe d\u2019Huez.<\/p>\n<p>Frissons garantis, d\u2019autant plus que les coureurs qui esp\u00e8rent la victoire finale ne devront pas faiblir pour garder toutes leurs chances. Les favoris seront donc mis \u00e0 l\u2019\u00e9preuve et ce challenge attire chaque ann\u00e9e de nombreux amateurs de cyclisme dans les Alpes fran\u00e7aises. Les sommets connus, et surtout les lignes d\u2019arriv\u00e9e, seront tr\u00e8s populaires. Pour \u00eatre s\u00fbrs d\u2019avoir une place le long du parcours, assurez-vous de planter votre tente assez longtemps \u00e0 l\u2019avance. Il vous faudra de toute mani\u00e8re \u00eatre largement \u00e0 l\u2019avance, parce que les routes de ces \u00e9tapes sont souvent ferm\u00e9es \u00e0 la circulation plusieurs heures avant le d\u00e9but de la course. Cela signifie que vous devrez gravir ces routes de montagne \u00e0 pied (ou en v\u00e9lo) pour trouver un emplacement.<\/p>\n<p><img loading=\"lazy\" decoding=\"async\" class=\"alignnone wp-image-12343 size-full\" title=\"Comme les cyclistes du Tour de France, gravissez l\u2019Alpe d\u2019Huez\" src=\"https:\/\/www.suncamp.nl\/blog\/wp-content\/uploads\/2018\/07\/SC_inzet-2_600x263.jpg\" alt=\"Comme les cyclistes du Tour de France, gravissez l\u2019Alpe d\u2019Huez\" width=\"600\" height=\"263\" srcset=\"https:\/\/www.suncamp.fr\/blog\/wp-content\/uploads\/2018\/07\/SC_inzet-2_600x263.jpg 600w, https:\/\/www.suncamp.fr\/blog\/wp-content\/uploads\/2018\/07\/SC_inzet-2_600x263-300x132.jpg 300w\" sizes=\"auto, (max-width: 600px) 100vw, 600px\" \/><\/p>\n<p>Heureusement, les randonn\u00e9es \u00e0 bicyclette et les promenades dans cette r\u00e9gion en valent vraiment la peine. Aux alentours des Alpes, la r\u00e9gion <a href=\"https:\/\/www.suncamp.fr\/campsite\/search\/q\/region-geographical:106\/#fq=duration%3A7&amp;rows=6\" target=\"_blank\" rel=\"noopener noreferrer\">Rh\u00f4ne-Alpes<\/a> est la r\u00e9gion par excellence pour des vacances actives. Les hauts sommets, les lacs de montagne rafra\u00eechissants et les immenses for\u00eats de sapins offrent de nombreuses possibilit\u00e9s d\u2019activit\u00e9s en ext\u00e9rieur. De la simple randonn\u00e9e \u00e0 l\u2019\u00e9quitation, des sports aquatiques au golf et de la p\u00eache au v\u00e9lo, rien n\u2019est impossible. Les amateurs de sensations fortes trouveront \u00e9galement leur bonheur avec du rafting, de l\u2019alpinisme ou encore du parapente.<\/p>\n<p>L\u00e0, vous vous dites \u00ab et si j\u2019ai envie de me d\u00e9tendre ? \u00bb. C\u2019est possible aussi ! Apr\u00e8s l\u2019effort, le r\u00e9confort ! Les plages du lac de Gen\u00e8ve ou du lac d\u2019Annecy vous apporteront cette d\u00e9tente bien m\u00e9rit\u00e9e. Le r\u00e9confort ne se trouve pas que dans la nature, les terrasses et les restaurants des grandes villes comme Gen\u00e8ve et Lyon vous d\u00e9tendront aussi \u00e0 leur mani\u00e8re. Vous aurez tout le confort moderne \u00e0 disposition. N\u2019oubliez pas de visiter le centre m\u00e9di\u00e9val d&#8217;Annecy, le lieu de repos historique des coureurs du Tour !<\/p>\n\n<h2>Astuce 4 : Profitez du soleil du Sud de la France<\/h2>\n<p><i>Dimanche 22 juillet, lundi 23 juillet et mardi 24 juillet<\/i><\/p>\n<p>Vivre comme un roi en France. On pourrait presque penser que cette expression n\u00e9erlandaise est n\u00e9e ici, dans le <a href=\"https:\/\/www.suncamp.fr\/campsite\/search\/q\/region-geographical:158\/#fq=duration%3A7&amp;rows=6\" target=\"_blank\" rel=\"noopener noreferrer\">Languedoc-Roussillon<\/a>. La question est de savoir si les coureurs du Tour auront encore la force de penser \u00e0 cela apr\u00e8s quinze \u00e9tapes. Apr\u00e8s les \u00e9tapes des Alpes, ils arriveront dans les rues de la pittoresque Carcassonne le dimanche 22 juillet. L\u00e0, ils pourront se reposer le lundi 23 juillet, mais ce n\u2019est que partie remise car le lendemain, ils devront \u00eatre d\u2019attaque pour une \u00e9tape difficile dans les Pyr\u00e9n\u00e9es en direction de Bagn\u00e8res-de-Luchon.<\/p>\n<p>Faut-il aussi s&#8217;int\u00e9resser au Tour pendant les jours de repos ? Absolument ! La course a d\u00e9sormais atteint une phase d\u00e9cisive, et la ronde des m\u00e9dias autour des coureurs bien class\u00e9s atteindra son paroxysme. Gardez un \u0153il sur les \u00e9quipes de cadreurs et les journalistes qui se rassemblent autour des h\u00f4tels o\u00f9 s\u00e9journent les coureurs. Qui sait ? Vous apercevrez peut-\u00eatre votre favori. Surveillez aussi les routes alentour, parce que les coureurs profitent souvent de leur jour de repos pour s\u2019entra\u00eener.<\/p>\n<p><img loading=\"lazy\" decoding=\"async\" class=\"alignnone wp-image-12344 size-full\" title=\"L'impressionnant centre m\u00e9di\u00e9val de Carcassonne : la Cit\u00e9 de Carcassonne\" src=\"https:\/\/www.suncamp.nl\/blog\/wp-content\/uploads\/2018\/07\/SC_inzet-3_600x263.jpg\" alt=\"L'impressionnant centre m\u00e9di\u00e9val de Carcassonne : la Cit\u00e9 de Carcassonne\" width=\"600\" height=\"263\" srcset=\"https:\/\/www.suncamp.fr\/blog\/wp-content\/uploads\/2018\/07\/SC_inzet-3_600x263.jpg 600w, https:\/\/www.suncamp.fr\/blog\/wp-content\/uploads\/2018\/07\/SC_inzet-3_600x263-300x132.jpg 300w\" sizes=\"auto, (max-width: 600px) 100vw, 600px\" \/><\/p>\n<p>Le mardi 24 juillet, les coureurs reprennent la course au d\u00e9part de Carcassonne et passeront quelques jours \u00e0 gravir les Pyr\u00e9n\u00e9es. Le soleil cuisant, s\u2019il est plaisant pour les touristes, sera un redoutable ennemi pour le peloton. Le Languedoc-Roussillon est l\u2019endroit id\u00e9al pour des vacances ensoleill\u00e9es. Le littoral long de presque 200 kilom\u00e8tres, de Perpignan \u00e0 la ville universitaire de Montpellier, est parsem\u00e9 de ports, tant\u00f4t petits, tant\u00f4t grands. Profitez des plages de sable fin \u00e0 B\u00e9ziers ou Agde, plongez au c\u0153ur de l\u2019atmosph\u00e8re catalane de Perpignan ou r\u00e9galez-vous dans l\u2019un des restaurants de la c\u00f4te, ou encore \u00e9loignez-vous un peu des c\u00f4tes pour d\u00e9couvrir l\u2019int\u00e9rieur des terres.<\/p>\n<p>Ne manquez pas l\u2019un des sites les plus populaires de la r\u00e9gion, ligne de d\u00e9part et d\u2019arriv\u00e9e sur le Tour : Carcassonne. Cette citadelle, encercl\u00e9e par l\u2019Aude, cache une ville int\u00e9rieure unique au charme historique : <em>La Cit\u00e9 de Carcassonne<\/em>. C\u2019est l\u2019une des villes historiques les mieux conserv\u00e9es d\u2019Europe et elle figure depuis 1997 au <a href=\"https:\/\/fr.unesco.org\/\" target=\"_blank\" rel=\"noopener noreferrer\">patrimoine mondial de l\u2019UNESCO<\/a>. Passez la <em>Porte narbonnaise<\/em> et suivez la <em>Rue Cros-Mayrevieuille<\/em> qui vous m\u00e8nera \u00e0 l\u2019imposante basilique <em>Saint-Nazaire<\/em>. Vous serez plong\u00e9s dans l\u2019atmosph\u00e8re m\u00e9di\u00e9vale de la cit\u00e9, surtout si vous la visitez t\u00f4t le matin et qu&#8217;elle ne grouille pas encore de monde.<\/p>\n\n<h2>Astuce 5 : Le grand final \u00e0 la fronti\u00e8re espagnole<\/h2>\n<p><i>Jeudi 26 juillet, vendredi 27 juillet et samedi 28 juillet<\/i><\/p>\n<p>Pour cette \u00e9dition du Tour, le pire reste encore \u00e0 venir, et l\u2019\u00e9pisode final se jouera pr\u00e8s de la fronti\u00e8re espagnole. En <a href=\"https:\/\/www.suncamp.fr\/campsite\/search\/q\/region-geographical:215\/#fq=duration%3A7&amp;rows=6\" target=\"_blank\" rel=\"noopener noreferrer\">Aquitaine<\/a>, \u00e0 l\u2019extr\u00eame sud-ouest des Pyr\u00e9n\u00e9es-Atlantiques, les coureurs devront une nouvelle fois gravir de redoutables cols des Pyr\u00e9n\u00e9es, comme le Col du Tourmalet et le Col d\u2019Aubisque. Le lendemain, on conna\u00eetra le classement final apr\u00e8s un contre-la-montre individuel de 31 kilom\u00e8tres de Saint-P\u00e9e-sur-Nivelle \u00e0 Espelette. Les h\u00e9ros du contre-la-montre Tom Dumoulin et Chris Froome pourront-ils y abattre leurs derni\u00e8res cartes, sauf si les grimpeurs Nairo Quintana et Romain Bardet restent hors de leur port\u00e9e ?<\/p>\n<p><img loading=\"lazy\" decoding=\"async\" class=\"alignnone wp-image-12345 size-full\" title=\"Le littoral de Biarritz est un coin r\u00e9put\u00e9 des surfeurs\" src=\"https:\/\/www.suncamp.nl\/blog\/wp-content\/uploads\/2018\/07\/SC_inzet-4_600x263.jpg\" alt=\"Le littoral de Biarritz est un coin r\u00e9put\u00e9 des surfeurs\" width=\"600\" height=\"263\" srcset=\"https:\/\/www.suncamp.fr\/blog\/wp-content\/uploads\/2018\/07\/SC_inzet-4_600x263.jpg 600w, https:\/\/www.suncamp.fr\/blog\/wp-content\/uploads\/2018\/07\/SC_inzet-4_600x263-300x132.jpg 300w\" sizes=\"auto, (max-width: 600px) 100vw, 600px\" \/><\/p>\n<p>Pendant le Tour, il y aura sans aucun doute beaucoup de monde, mais en temps normal, cette partie de l\u2019Aquitaine est un peu moins connue, et donc moins fr\u00e9quent\u00e9e. Toutefois, l\u2019attention caus\u00e9e par le Tour pourrait bien changer la donne. Les Pyr\u00e9n\u00e9es-Atlantiques ont beaucoup \u00e0 vous offrir. Cette r\u00e9gion, bord\u00e9e par l\u2019oc\u00e9an Atlantique et appel\u00e9e \u00ab Pays Basque fran\u00e7ais \u00bb, est r\u00e9put\u00e9e pour son littoral exceptionnel, ses plages de sable fin, ses paysages vallonn\u00e9s verdoyants, ses vignobles, ses ch\u00e2teaux et ses sp\u00e9cialit\u00e9s culinaires comme les truffes ou les hu\u00eetres.<\/p>\n<p>Outre le spectacle du Tour de France, il reste beaucoup de choses \u00e0 voir pendant vos vacances. Gagnez la c\u00f4te et d\u00e9couvrez les cit\u00e9s baln\u00e9aires de Bayonne et Biarritz. Le centre-ville de Bayonne est influenc\u00e9 par la culture basque et chaque ann\u00e9e, en juillet, un grand festival de jazz y est organis\u00e9. Biarritz est surtout connue des surfeurs et a m\u00eame un mus\u00e9e d\u00e9di\u00e9 \u00e0 l\u2019oc\u00e9an.<\/p>\n<p>Les terres basques fran\u00e7aises sont aussi \u00e0 voir. Les montagnes et collines offrent d\u00e9j\u00e0 un beau terrain propice aux randonn\u00e9es \u00e0 bicyclette et \u00e0 pied, mais elles cachent aussi un endroit unique en son genre. Direction Saint-Engr\u00e2ce pour d\u00e9couvrir les spectaculaires Gorges de Kakuetta. Une randonn\u00e9e \u00e0 travers cette crevasse profonde et impr\u00e9visible prend environ trois heures et n\u2019est pas toujours simple. Mais la nature et les nombreux paysages \u00e0 couper le souffle en valent vraiment la peine !<\/p>\n\n<p>Vous voulez savoir \u00e0 quelle heure les coureurs sont attendus \u00e0 votre emplacement du parcours ? Sur le <a href=\"https:\/\/www.letour.fr\/fr\/parcours-general\" target=\"_blank\" rel=\"noopener noreferrer\">site officiel du Tour de France<\/a> vous trouverez les temps d\u2019arriv\u00e9e par \u00e9tape. S\u00e9lectionnez l\u2019\u00e9tape de votre choix et cliquez sur \u00ab Itin\u00e9raire horaire \u00bb.<\/p>\n","protected":false},"excerpt":{"rendered":"<p>La semaine derni\u00e8re, je vous ai donn\u00e9 deux astuces pour allier vos vacances en camping en France avec le Tour de France. Depuis, les coureurs sont d\u00e9j\u00e0 partis pour cette course de trois semaines et il est temps de vous donner mes trois derni\u00e8res astuces. Quel est l\u2019emplacement id\u00e9al pour votre camping-car ou pour mettre votre tente afin de suivre les semaines deux et trois du Tour ?<\/p>\n","protected":false},"author":35,"featured_media":12326,"comment_status":"open","ping_status":"closed","template":"","meta":{"_acf_changed":false,"footnotes":""},"class_list":["post-12413","listing","type-listing","status-publish","has-post-thumbnail","hentry","listing_type-idees-sejours","listing_location-france"],"acf":[],"_links":{"self":[{"href":"https:\/\/www.suncamp.fr\/blog\/wp-json\/wp\/v2\/listing\/12413","targetHints":{"allow":["GET"]}}],"collection":[{"href":"https:\/\/www.suncamp.fr\/blog\/wp-json\/wp\/v2\/listing"}],"about":[{"href":"https:\/\/www.suncamp.fr\/blog\/wp-json\/wp\/v2\/types\/listing"}],"author":[{"embeddable":true,"href":"https:\/\/www.suncamp.fr\/blog\/wp-json\/wp\/v2\/users\/35"}],"replies":[{"embeddable":true,"href":"https:\/\/www.suncamp.fr\/blog\/wp-json\/wp\/v2\/comments?post=12413"}],"version-history":[{"count":6,"href":"https:\/\/www.suncamp.fr\/blog\/wp-json\/wp\/v2\/listing\/12413\/revisions"}],"predecessor-version":[{"id":31180,"href":"https:\/\/www.suncamp.fr\/blog\/wp-json\/wp\/v2\/listing\/12413\/revisions\/31180"}],"wp:featuredmedia":[{"embeddable":true,"href":"https:\/\/www.suncamp.fr\/blog\/wp-json\/wp\/v2\/media\/12326"}],"wp:attachment":[{"href":"https:\/\/www.suncamp.fr\/blog\/wp-json\/wp\/v2\/media?parent=12413"}],"curies":[{"name":"wp","href":"https:\/\/api.w.org\/{rel}","templated":true}]}}